{"id":4309,"date":"2024-05-06T16:10:20","date_gmt":"2024-05-06T14:10:20","guid":{"rendered":"https:\/\/bilbaoizan.eus\/antes-de-la-visita\/"},"modified":"2026-03-12T16:16:28","modified_gmt":"2026-03-12T15:16:28","slug":"bisita-baino-lehen","status":"publish","type":"page","link":"https:\/\/bilbaoizan.eus\/eu\/bisita-baino-lehen\/","title":{"rendered":"Bisita baino lehen"},"content":{"rendered":"<div class=\"wpb-content-wrapper\"><p>[vc_row full_width=&#8221;stretch_row&#8221; css=&#8221;.vc_custom_1715005338830{background-color: #f9f9f9 !important;}&#8221;][vc_column]<div class=\"gt-heading gt-dark gt-size1 gt-align-center\"><div class=\"gt-title\"><span>Bisita egiteko, kontutan hartu beharrekoa:<\/span><\/div><div class=\"gt-separate\"><div class=\"gt-icon\"><svg xmlns=\"http:\/\/www.w3.org\/2000\/svg\" viewBox=\"0 0 24 24\" fill=\"none\" stroke=\"currentColor\" stroke-width=\"2\" stroke-linecap=\"round\" stroke-linejoin=\"round\"><rect x=\"3\" y=\"4\" width=\"18\" height=\"18\" rx=\"2\" ry=\"2\"><\/rect><line x1=\"16\" y1=\"2\" x2=\"16\" y2=\"6\"><\/line><line x1=\"8\" y1=\"2\" x2=\"8\" y2=\"6\"><\/line><line x1=\"3\" y1=\"10\" x2=\"21\" y2=\"10\"><\/line><\/svg><\/div><\/div><\/div>[\/vc_column][\/vc_row][vc_row css=&#8221;.vc_custom_1715005350797{padding-top: 10px !important;background-color: #f9f9f9 !important;}&#8221;][vc_column][vc_column_text css=&#8221;&#8221;]<strong>Bisita gidatua egiteko, kontutan hartu beharrekoa:<\/strong><\/p>\n<ul>\n<li>Kalean oinez egiten den bisita da. Euria egiten badu, ibilbidea pixka bat alda daiteke.<\/li>\n<li>Plazak aldez aurretik bilbaoizan.eus webgunean erreserbatu behar dira. Datu hauek eman beharko dira: izen \u2013 abizenak, helbide elektronikoa eta telefono zenbakia.<\/li>\n<li><u>Plaza erreserbatu ez duenak ezingo du egin bisita<\/u>.<\/li>\n<li>Hilabetero izena emateko bi epe egongo dira. Lehenengoa, hilabete horretako lehenengo astelehenetik aurrera eta, bigarrena, hilabete horretako hirugarren astelehenetik aurrera.<\/li>\n<li>Errazago entzuteko audiogida bana emango da.<\/li>\n<li>Ordu eta erdiko iraupena izango du, gutxi gorabehera.<\/li>\n<li>Bisita egiteko hizkuntzak: euskara eta gaztelera.<\/li>\n<li><strong>Euskaraz<\/strong> egin nahi izanez gero, aukera hauek daude:\n<ul>\n<li><strong>Norbanakoek:<\/strong> euskaraz egin nahi duten partikularrek ostegun arratsaldeetan egin ahal izango dute. Baita aurrez antolatutako euskarazko taldeekin batera ere egin dezakete. Horretarako, bilbaoizan.eus webgunean iragartzen den egutegia kontsultatu beharko da.<\/li>\n<li><strong>Euskarazko taldeek<\/strong><strong>:<\/strong> gutxienez 15 pertsonetako taldea osatu beharko dute. Taldearekin adostuko dira eguna eta ordua. Horretarako <a style=\"text-decoration: underline dotted;\" href=\"https:\/\/bilbaoizan.eus\/eu\/bisitak-euskaraz\/\"><b>bilbaoizan.eus<\/b><\/a> webgunearen bidez egingo dute eskaera.<\/li>\n<\/ul>\n<\/li>\n<li>Bisitara ezin bazara joan, bilbaoizan.eus webgunean, &#8220;<a style=\"text-decoration: underline dotted;\" href=\"https:\/\/bilbaoizan.eus\/eu\/erreserba-bat-ezeztatu\/\"><b>plaza bertan behera utzi<\/b><\/a>&#8221; aukera erabili. Horrela, plaza hori beste pertsona batek bete ahal izango du.<\/li>\n<\/ul>\n<p><img decoding=\"async\" class=\"imgAviso\" src=\"https:\/\/bilbaoizan.eus\/wp-content\/uploads\/2024\/04\/lenguadesignosmanos.png\" \/> Auzo bakoitzean talde batek zeinu hizkuntza interpretea izango du. Irudi honek zein taldek izango duen interpretea adierazten du, bilbaoizan.eus webgunean.[\/vc_column_text][\/vc_column][\/vc_row]<\/p>\n<\/div>","protected":false},"excerpt":{"rendered":"<p>[vc_row full_width=&#8221;stretch_row&#8221; css=&#8221;.vc_custom_1715005338830{background-color: #f9f9f9 !important;}&#8221;][vc_column][\/vc_column][\/vc_row][vc_row css=&#8221;.vc_custom_1715005350797{padding-top: 10px !important;background-color: #f9f9f9 !important;}&#8221;][vc_column][vc_column_text css=&#8221;&#8221;]Bisita gidatua egiteko, kontutan hartu beharrekoa: Kalean oinez egiten den bisita da. Euria egiten badu, ibilbidea pixka bat alda daiteke. Plazak aldez aurretik bilbaoizan.eus webgunean erreserbatu behar dira. Datu hauek&#8230;<\/p>\n","protected":false},"author":3,"featured_media":0,"parent":0,"menu_order":0,"comment_status":"closed","ping_status":"closed","template":"","meta":{"footnotes":""},"class_list":["post-4309","page","type-page","status-publish","hentry"],"yoast_head":"<!-- This site is optimized with the Yoast SEO plugin v27.5 - https:\/\/yoast.com\/product\/yoast-seo-wordpress\/ -->\n<title>Bisita baino lehen - Bilbao Izan<\/title>\n<meta name=\"robots\" content=\"index, follow, max-snippet:-1, max-image-preview:large, max-video-preview:-1\" \/>\n<link rel=\"canonical\" href=\"https:\/\/bilbaoizan.eus\/eu\/bisita-baino-lehen\/\" \/>\n<meta property=\"og:locale\" content=\"eu_ES\" \/>\n<meta property=\"og:type\" content=\"article\" \/>\n<meta property=\"og:title\" content=\"Bisita baino lehen - Bilbao Izan\" \/>\n<meta property=\"og:description\" content=\"[vc_row full_width=&#8221;stretch_row&#8221; css=&#8221;.vc_custom_1715005338830{background-color: #f9f9f9 !important;}&#8221;][vc_column][\/vc_column][\/vc_row][vc_row css=&#8221;.vc_custom_1715005350797{padding-top: 10px !important;background-color: #f9f9f9 !important;}&#8221;][vc_column][vc_column_text css=&#8221;&#8221;]Bisita gidatua egiteko, kontutan hartu beharrekoa: Kalean oinez egiten den bisita da. Euria egiten badu, ibilbidea pixka bat alda daiteke. Plazak aldez aurretik bilbaoizan.eus webgunean erreserbatu behar dira. Datu hauek...\" \/>\n<meta property=\"og:url\" content=\"https:\/\/bilbaoizan.eus\/eu\/bisita-baino-lehen\/\" \/>\n<meta property=\"og:site_name\" content=\"Bilbao Izan\" \/>\n<meta property=\"article:publisher\" content=\"https:\/\/www.facebook.com\/bilbaoizan\" \/>\n<meta property=\"article:modified_time\" content=\"2026-03-12T15:16:28+00:00\" \/>\n<meta property=\"og:image\" content=\"https:\/\/bilbaoizan.eus\/wp-content\/uploads\/2024\/04\/lenguadesignosmanos.png\" \/>\n<meta name=\"twitter:card\" content=\"summary_large_image\" \/>\n<meta name=\"twitter:site\" content=\"@bilbaokultura\" \/>\n<meta name=\"twitter:label1\" content=\"Est. reading time\" \/>\n\t<meta name=\"twitter:data1\" content=\"2 minutes\" \/>\n<script type=\"application\/ld+json\" class=\"yoast-schema-graph\">{\"@context\":\"https:\\\/\\\/schema.org\",\"@graph\":[{\"@type\":\"WebPage\",\"@id\":\"https:\\\/\\\/bilbaoizan.eus\\\/eu\\\/bisita-baino-lehen\\\/\",\"url\":\"https:\\\/\\\/bilbaoizan.eus\\\/eu\\\/bisita-baino-lehen\\\/\",\"name\":\"Bisita baino lehen - Bilbao Izan\",\"isPartOf\":{\"@id\":\"https:\\\/\\\/bilbaoizan.eus\\\/eu\\\/#website\"},\"primaryImageOfPage\":{\"@id\":\"https:\\\/\\\/bilbaoizan.eus\\\/eu\\\/bisita-baino-lehen\\\/#primaryimage\"},\"image\":{\"@id\":\"https:\\\/\\\/bilbaoizan.eus\\\/eu\\\/bisita-baino-lehen\\\/#primaryimage\"},\"thumbnailUrl\":\"https:\\\/\\\/bilbaoizan.eus\\\/wp-content\\\/uploads\\\/2024\\\/04\\\/lenguadesignosmanos.png\",\"datePublished\":\"2024-05-06T14:10:20+00:00\",\"dateModified\":\"2026-03-12T15:16:28+00:00\",\"breadcrumb\":{\"@id\":\"https:\\\/\\\/bilbaoizan.eus\\\/eu\\\/bisita-baino-lehen\\\/#breadcrumb\"},\"inLanguage\":\"eu-ES\",\"potentialAction\":[{\"@type\":\"ReadAction\",\"target\":[\"https:\\\/\\\/bilbaoizan.eus\\\/eu\\\/bisita-baino-lehen\\\/\"]}]},{\"@type\":\"ImageObject\",\"inLanguage\":\"eu-ES\",\"@id\":\"https:\\\/\\\/bilbaoizan.eus\\\/eu\\\/bisita-baino-lehen\\\/#primaryimage\",\"url\":\"https:\\\/\\\/bilbaoizan.eus\\\/wp-content\\\/uploads\\\/2024\\\/04\\\/lenguadesignosmanos.png\",\"contentUrl\":\"https:\\\/\\\/bilbaoizan.eus\\\/wp-content\\\/uploads\\\/2024\\\/04\\\/lenguadesignosmanos.png\"},{\"@type\":\"BreadcrumbList\",\"@id\":\"https:\\\/\\\/bilbaoizan.eus\\\/eu\\\/bisita-baino-lehen\\\/#breadcrumb\",\"itemListElement\":[{\"@type\":\"ListItem\",\"position\":1,\"name\":\"Hasiera\",\"item\":\"https:\\\/\\\/bilbaoizan.eus\\\/eu\\\/\"},{\"@type\":\"ListItem\",\"position\":2,\"name\":\"Bisita baino lehen\"}]},{\"@type\":\"WebSite\",\"@id\":\"https:\\\/\\\/bilbaoizan.eus\\\/eu\\\/#website\",\"url\":\"https:\\\/\\\/bilbaoizan.eus\\\/eu\\\/\",\"name\":\"Bilbao Izan\",\"description\":\"Este a\u00f1o, la historia de nuestros barrios cobra vida. Prep\u00e1rate para conocer hechos hist\u00f3ricos, curiosidades y an\u00e9cdotas de los distintos distritos bilba\u00ednos de la mano de los personajes que formaron parte de su historia.\",\"publisher\":{\"@id\":\"https:\\\/\\\/bilbaoizan.eus\\\/eu\\\/#organization\"},\"alternateName\":\"BilbaoIzan\",\"potentialAction\":[{\"@type\":\"SearchAction\",\"target\":{\"@type\":\"EntryPoint\",\"urlTemplate\":\"https:\\\/\\\/bilbaoizan.eus\\\/eu\\\/?s={search_term_string}\"},\"query-input\":{\"@type\":\"PropertyValueSpecification\",\"valueRequired\":true,\"valueName\":\"search_term_string\"}}],\"inLanguage\":\"eu-ES\"},{\"@type\":\"Organization\",\"@id\":\"https:\\\/\\\/bilbaoizan.eus\\\/eu\\\/#organization\",\"name\":\"Ayuntamiento de Bilbao\",\"url\":\"https:\\\/\\\/bilbaoizan.eus\\\/eu\\\/\",\"logo\":{\"@type\":\"ImageObject\",\"inLanguage\":\"eu-ES\",\"@id\":\"https:\\\/\\\/bilbaoizan.eus\\\/eu\\\/#\\\/schema\\\/logo\\\/image\\\/\",\"url\":\"https:\\\/\\\/bilbaoizan.eus\\\/wp-content\\\/uploads\\\/2024\\\/04\\\/cropped-BilbaoIzan.png\",\"contentUrl\":\"https:\\\/\\\/bilbaoizan.eus\\\/wp-content\\\/uploads\\\/2024\\\/04\\\/cropped-BilbaoIzan.png\",\"width\":512,\"height\":512,\"caption\":\"Ayuntamiento de Bilbao\"},\"image\":{\"@id\":\"https:\\\/\\\/bilbaoizan.eus\\\/eu\\\/#\\\/schema\\\/logo\\\/image\\\/\"},\"sameAs\":[\"https:\\\/\\\/www.facebook.com\\\/bilbaoizan\",\"https:\\\/\\\/x.com\\\/bilbaokultura\",\"https:\\\/\\\/www.instagram.com\\\/bilbao_izan\\\/\",\"https:\\\/\\\/www.youtube.com\\\/@BilbaoKultura\"]}]}<\/script>\n<!-- \/ Yoast SEO plugin. -->","yoast_head_json":{"title":"Bisita baino lehen - Bilbao Izan","robots":{"index":"index","follow":"follow","max-snippet":"max-snippet:-1","max-image-preview":"max-image-preview:large","max-video-preview":"max-video-preview:-1"},"canonical":"https:\/\/bilbaoizan.eus\/eu\/bisita-baino-lehen\/","og_locale":"eu_ES","og_type":"article","og_title":"Bisita baino lehen - Bilbao Izan","og_description":"[vc_row full_width=&#8221;stretch_row&#8221; css=&#8221;.vc_custom_1715005338830{background-color: #f9f9f9 !important;}&#8221;][vc_column][\/vc_column][\/vc_row][vc_row css=&#8221;.vc_custom_1715005350797{padding-top: 10px !important;background-color: #f9f9f9 !important;}&#8221;][vc_column][vc_column_text css=&#8221;&#8221;]Bisita gidatua egiteko, kontutan hartu beharrekoa: Kalean oinez egiten den bisita da. Euria egiten badu, ibilbidea pixka bat alda daiteke. Plazak aldez aurretik bilbaoizan.eus webgunean erreserbatu behar dira. Datu hauek...","og_url":"https:\/\/bilbaoizan.eus\/eu\/bisita-baino-lehen\/","og_site_name":"Bilbao Izan","article_publisher":"https:\/\/www.facebook.com\/bilbaoizan","article_modified_time":"2026-03-12T15:16:28+00:00","og_image":[{"url":"https:\/\/bilbaoizan.eus\/wp-content\/uploads\/2024\/04\/lenguadesignosmanos.png","type":"","width":"","height":""}],"twitter_card":"summary_large_image","twitter_site":"@bilbaokultura","twitter_misc":{"Est. reading time":"2 minutes"},"schema":{"@context":"https:\/\/schema.org","@graph":[{"@type":"WebPage","@id":"https:\/\/bilbaoizan.eus\/eu\/bisita-baino-lehen\/","url":"https:\/\/bilbaoizan.eus\/eu\/bisita-baino-lehen\/","name":"Bisita baino lehen - Bilbao Izan","isPartOf":{"@id":"https:\/\/bilbaoizan.eus\/eu\/#website"},"primaryImageOfPage":{"@id":"https:\/\/bilbaoizan.eus\/eu\/bisita-baino-lehen\/#primaryimage"},"image":{"@id":"https:\/\/bilbaoizan.eus\/eu\/bisita-baino-lehen\/#primaryimage"},"thumbnailUrl":"https:\/\/bilbaoizan.eus\/wp-content\/uploads\/2024\/04\/lenguadesignosmanos.png","datePublished":"2024-05-06T14:10:20+00:00","dateModified":"2026-03-12T15:16:28+00:00","breadcrumb":{"@id":"https:\/\/bilbaoizan.eus\/eu\/bisita-baino-lehen\/#breadcrumb"},"inLanguage":"eu-ES","potentialAction":[{"@type":"ReadAction","target":["https:\/\/bilbaoizan.eus\/eu\/bisita-baino-lehen\/"]}]},{"@type":"ImageObject","inLanguage":"eu-ES","@id":"https:\/\/bilbaoizan.eus\/eu\/bisita-baino-lehen\/#primaryimage","url":"https:\/\/bilbaoizan.eus\/wp-content\/uploads\/2024\/04\/lenguadesignosmanos.png","contentUrl":"https:\/\/bilbaoizan.eus\/wp-content\/uploads\/2024\/04\/lenguadesignosmanos.png"},{"@type":"BreadcrumbList","@id":"https:\/\/bilbaoizan.eus\/eu\/bisita-baino-lehen\/#breadcrumb","itemListElement":[{"@type":"ListItem","position":1,"name":"Hasiera","item":"https:\/\/bilbaoizan.eus\/eu\/"},{"@type":"ListItem","position":2,"name":"Bisita baino lehen"}]},{"@type":"WebSite","@id":"https:\/\/bilbaoizan.eus\/eu\/#website","url":"https:\/\/bilbaoizan.eus\/eu\/","name":"Bilbao Izan","description":"Este a\u00f1o, la historia de nuestros barrios cobra vida. Prep\u00e1rate para conocer hechos hist\u00f3ricos, curiosidades y an\u00e9cdotas de los distintos distritos bilba\u00ednos de la mano de los personajes que formaron parte de su historia.","publisher":{"@id":"https:\/\/bilbaoizan.eus\/eu\/#organization"},"alternateName":"BilbaoIzan","potentialAction":[{"@type":"SearchAction","target":{"@type":"EntryPoint","urlTemplate":"https:\/\/bilbaoizan.eus\/eu\/?s={search_term_string}"},"query-input":{"@type":"PropertyValueSpecification","valueRequired":true,"valueName":"search_term_string"}}],"inLanguage":"eu-ES"},{"@type":"Organization","@id":"https:\/\/bilbaoizan.eus\/eu\/#organization","name":"Ayuntamiento de Bilbao","url":"https:\/\/bilbaoizan.eus\/eu\/","logo":{"@type":"ImageObject","inLanguage":"eu-ES","@id":"https:\/\/bilbaoizan.eus\/eu\/#\/schema\/logo\/image\/","url":"https:\/\/bilbaoizan.eus\/wp-content\/uploads\/2024\/04\/cropped-BilbaoIzan.png","contentUrl":"https:\/\/bilbaoizan.eus\/wp-content\/uploads\/2024\/04\/cropped-BilbaoIzan.png","width":512,"height":512,"caption":"Ayuntamiento de Bilbao"},"image":{"@id":"https:\/\/bilbaoizan.eus\/eu\/#\/schema\/logo\/image\/"},"sameAs":["https:\/\/www.facebook.com\/bilbaoizan","https:\/\/x.com\/bilbaokultura","https:\/\/www.instagram.com\/bilbao_izan\/","https:\/\/www.youtube.com\/@BilbaoKultura"]}]}},"_links":{"self":[{"href":"https:\/\/bilbaoizan.eus\/eu\/wp-json\/wp\/v2\/pages\/4309","targetHints":{"allow":["GET"]}}],"collection":[{"href":"https:\/\/bilbaoizan.eus\/eu\/wp-json\/wp\/v2\/pages"}],"about":[{"href":"https:\/\/bilbaoizan.eus\/eu\/wp-json\/wp\/v2\/types\/page"}],"author":[{"embeddable":true,"href":"https:\/\/bilbaoizan.eus\/eu\/wp-json\/wp\/v2\/users\/3"}],"replies":[{"embeddable":true,"href":"https:\/\/bilbaoizan.eus\/eu\/wp-json\/wp\/v2\/comments?post=4309"}],"version-history":[{"count":17,"href":"https:\/\/bilbaoizan.eus\/eu\/wp-json\/wp\/v2\/pages\/4309\/revisions"}],"predecessor-version":[{"id":6029,"href":"https:\/\/bilbaoizan.eus\/eu\/wp-json\/wp\/v2\/pages\/4309\/revisions\/6029"}],"wp:attachment":[{"href":"https:\/\/bilbaoizan.eus\/eu\/wp-json\/wp\/v2\/media?parent=4309"}],"curies":[{"name":"wp","href":"https:\/\/api.w.org\/{rel}","templated":true}]}}