{"id":5088,"date":"2024-09-09T10:55:17","date_gmt":"2024-09-09T08:55:17","guid":{"rendered":"https:\/\/bilbaoizan.eus\/visitas-teatralizadas-begona\/"},"modified":"2024-09-30T08:33:11","modified_gmt":"2024-09-30T06:33:11","slug":"bisita-antzeztuak-begona","status":"publish","type":"page","link":"https:\/\/bilbaoizan.eus\/eu\/bisita-antzeztuak-begona\/","title":{"rendered":"Bisita antzeztuak Bego\u00f1a"},"content":{"rendered":"<div class=\"wpb-content-wrapper\"><p>[vc_row full_width=&#8221;stretch_row&#8221; css=&#8221;.vc_custom_1719835684185{padding-top: 15px !important;background-color: #f9f9f9 !important;}&#8221;][vc_column]<div class=\"gt-heading gt-dark gt-size1 gt-align-center\"><div class=\"gt-title\">Gure auzoak <span>berbetan<\/span><\/div><div class=\"gt-separate\"><div class=\"gt-icon\"><svg xmlns=\"http:\/\/www.w3.org\/2000\/svg\" viewBox=\"0 0 24 24\" fill=\"none\" stroke=\"currentColor\" stroke-width=\"2\" stroke-linecap=\"round\" stroke-linejoin=\"round\"><rect x=\"3\" y=\"4\" width=\"18\" height=\"18\" rx=\"2\" ry=\"2\"><\/rect><line x1=\"16\" y1=\"2\" x2=\"16\" y2=\"6\"><\/line><line x1=\"8\" y1=\"2\" x2=\"8\" y2=\"6\"><\/line><line x1=\"3\" y1=\"10\" x2=\"21\" y2=\"10\"><\/line><\/svg><\/div><\/div><\/div>[vc_empty_space][vc_wp_text]Gutxi gorabeherako iraupena: 60 min.\u00a0Bisita egin aurretik, jakin beharrekoak:<\/p>\n<ul>\n<li>Kalean, aire zabalean, oinez egiten den bisita gidatua da. Hori dela eta, euria egiten badu, jarduerari eusten zaio, nahiz eta pixka bat alda daitekeen.<\/li>\n<li>Bisita gidatua egin ahal izateko, beharrezkoa izango da aldez aurretik izena emanda egotea. Erregistratuta egon gabe ezingo da egin bisita.<\/li>\n<li>Bisitan zehar errazago entzuteko, erradiogida bana emango zaie parte-hartzaileei. Horregatik, hasiera-ordua baino 15 minutu lehenago elkargunera iristeko eskatzen dizuegu; izan ere, erradiogida entregatzeko, parte-hartzaile bakoitzaren nortasuna egiaztatzen duen dokumentu bat eskatuko da (NAN, gidabaimena&#8230;).\u00a0Gutxienez 14 urte eduki behar dira bisita egiteko.<\/li>\n<li>Bisita gidatua ezin bada egin erreserbatutako egunean eta orduan, &#8220;plaza bertan behera utzi&#8221; aukera erabiltzea eskatzen dugu, plaza hori beste pertsona batek bete ahal izateko. Plazak mugatuak direnez gero, ahal dugun guztia egin dezagun guztion artean taldeak beti osatuta egon daitezen.<\/li>\n<li><img decoding=\"async\" class=\"imgAviso\" src=\"https:\/\/bilbaoizan.eus\/wp-content\/uploads\/2024\/05\/wheelchair.png\" \/> Bisitak egiteko aukeratutako ibilbideak mugikortasun urriko pertsonek egin ditzakete.<\/li>\n<li><img decoding=\"async\" class=\"imgAviso\" src=\"https:\/\/bilbaoizan.eus\/wp-content\/uploads\/2024\/04\/lenguadesignosmanos.png\" \/> Bisita egingo den auzo bakoitzean, talde batek zeinu hizkuntza interpretea izango du. Irudi honek zer taldek izango duen interpretea adierazten du.<\/li>\n<\/ul>\n<p>[\/vc_wp_text][\/vc_column][\/vc_row][vc_row full_width=&#8221;stretch_row&#8221; css=&#8221;.vc_custom_1713265693337{padding-top: 0px !important;background-color: #f9f9f9 !important;}&#8221;][vc_column][vc_raw_html]JTNDc2NyaXB0JTNFJTBBJTIwJTIwJTIwJTIwd2luZG93LmZpZW50YVNldHRpbmdzJTIwJTNEJTIwJTdCJTBBJTIwJTIwJTIwJTIwJTIwJTIwJTIwJTIwZGVzY3JpcHRpb25FbmFibGVkJTNBJTIwdHJ1ZSUyQyUwQSUyMCUyMCUyMCUyMCUyMCUyMCUyMCUyMHN0ZXAlM0ElMjAlMjdkZXNjcmlwdGlvbiUyNyUyQyUwQSUyMCUyMCUyMCUyMCUyMCUyMCUyMCUyMG9uVGlja2V0c0F2YWlsYWJsZVJlYWR5JTNBJTIwZnVuY3Rpb24lMjAlMjhlbGVtJTJDJTIwY291bnQlMjklMjAlN0IlMEElMEElMEElMjAlMjAlMjAlMjAlMjAlMjAlMjAlMjAlMjAlMjAlMjAlMjAlMkYlMkYlMjBlbGVtJTIwLSUyMEhUTUwlMjBhJTIwdGFnJTIwcG9pbnRpbmclMjB0byUyMGV2ZW50JTIwYXQlMjBmaWVudGEuY29tJTBBJTIwJTIwJTIwJTIwJTIwJTIwJTIwJTIwJTIwJTIwJTIwJTIwJTJGJTJGJTIwY291bnQlMjAtJTIwbnVtYmVyJTIwb2YlMjB0aWNrZXRzJTIwYXZhaWxhYmxlJTJDJTIwcG9zc2libGUlMjB2YWx1ZXMlM0ElMEElMjAlMjAlMjAlMjAlMjAlMjAlMjAlMjAlMjAlMjAlMjAlMjAlMkYlMkYlMjB0cnVlJTIwLSUyMHdoZW4lMjBtb3JlJTIwdGhhbiUyMDUwJTIwdGlja2V0cyUyMGFyZSUyMGF2YWlsYWJsZSUwQSUyMCUyMCUyMCUyMCUyMCUyMCUyMCUyMCUyMCUyMCUyMCUyMCUyRiUyRiUyMDElMjAuLiUyMDUwJTIwLSUyMG51bWJlciUyMHRpY2tldHMlMjBhdmFpbGFibGUlMEElMjAlMjAlMjAlMjAlMjAlMjAlMjAlMjAlMjAlMjAlMjAlMjAlMkYlMkYlMjAwJTIwLSUyMGV2ZW50JTIwaXMlMjBzb2xkJTIwb3V0JTBBJTIwJTIwJTIwJTIwJTIwJTIwJTIwJTIwJTIwJTIwJTIwJTIwJTJGJTJGJTIwZmFsc2UlMjAtJTIwc2FsZSUyMGhhcyUyMGVuZGVkJTBBJTIwJTIwJTIwJTIwJTIwJTIwJTIwJTIwJTIwJTIwJTIwJTIwJTJGJTJGJTIwd3JpdGUlMjB5b3VyJTIwY29kZSUyMGhlcmUlMEElMjAlMjAlMjAlMjAlMjAlMjAlMjAlMjAlMjAlMjAlMjAlMjBsZXQlMjBwQ291bnQlMjAlM0QlMjBlbGVtLnF1ZXJ5U2VsZWN0b3JBbGwlMjglMjcuY291bnRlciUyNyUyOSUzQiUwQSUyMCUyMCUyMCUyMCUyMCUyMCUyMCUyMCUyMCUyMCUyMCUyMGlmJTI4Y291bnQlMjAlM0UlMjAwJTI5JTdCJTBBJTIwJTIwJTIwJTIwJTIwJTIwJTIwJTIwJTIwJTIwJTIwJTIwJTIwJTIwJTIwJTIwcENvdW50LmZvckVhY2glMjhwYXJyYWZvJTIwJTNEJTNFJTIwJTdCJTBBJTIwJTIwJTIwJTIwJTIwJTIwJTIwJTIwJTIwJTIwJTIwJTIwJTIwJTIwJTIwJTIwJTIwJTIwJTIwJTIwcGFycmFmby5pbm5lckhUTUwlMjAlM0QlMjAlMjJFc2t1cmFnYXJyaSUzQSUyMCUyMiUyQiUyMGNvdW50JTIwJTJCJTIwJTIyJTIwc2FycmVyYSUyMiUzQiUwQSUyMCUyMCUyMCUyMCUyMCUyMCUyMCUyMCUyMCUyMCUyMCUyMCUyMCUyMCUyMCUyMCU3RCUyOSUzQiUwQSUyMCUyMCUyMCUyMCUyMCUyMCUyMCUyMCUyMCUyMCUyMCUyMCU3RCUyMGVsc2UlMjAlN0IlMEElMjAlMjAlMjAlMjAlMjAlMjAlMjAlMjAlMjAlMjAlMjAlMjAlMjAlMjAlMjAlMjBwQ291bnQuZm9yRWFjaCUyOHBhcnJhZm8lMjAlM0QlM0UlMjAlN0IlMEElMjAlMjAlMjAlMjAlMjAlMjAlMjAlMjAlMjAlMjAlMjAlMjAlMjAlMjAlMjAlMjAlMjAlMjAlMjAlMjBwYXJyYWZvLmlubmVySFRNTCUyMCUzRCUyMCUyMkVkdWtpZXJhJTIwYmV0ZXRhJTIyJTNCJTBBJTIwJTIwJTIwJTIwJTIwJTIwJTIwJTIwJTIwJTIwJTIwJTIwJTIwJTIwJTIwJTIwJTIwJTIwJTIwJTIwZWxlbS5jbGFzc0xpc3QuYWRkJTI4JTIyZXZlbnRvX2NvbXBsZXRvJTIyJTI5JTNCJTBBJTIwJTIwJTIwJTIwJTIwJTIwJTIwJTIwJTIwJTIwJTIwJTIwJTIwJTIwJTIwJTIwJTdEJTI5JTNCJTBBJTIwJTIwJTIwJTIwJTIwJTIwJTIwJTIwJTIwJTIwJTIwJTIwJTdEJTBBJTBBJTIwJTIwJTIwJTIwJTIwJTIwJTIwJTIwJTIwJTIwJTIwJTIwY29uc29sZS5sb2clMjglN0IlMjBlbGVtJTIwJTdEJTI5JTNCJTBBJTIwJTIwJTIwJTIwJTIwJTIwJTIwJTIwJTdEJTBBJTIwJTIwJTIwJTIwJTdEJTBBJTNDJTJGc2NyaXB0JTNFJTBBJTBBJTNDc2NyaXB0JTIwZGVmZXIlMjBzcmMlM0QlMjJodHRwcyUzQSUyRiUyRmZpZW50YS5jb20lMkZlbWJlZC5qcyUyMiUzRSUzQyUyRnNjcmlwdCUzRQ==[\/vc_raw_html][\/vc_column][\/vc_row]<\/p>\n<\/div>","protected":false},"excerpt":{"rendered":"<p>[vc_row full_width=&#8221;stretch_row&#8221; css=&#8221;.vc_custom_1719835684185{padding-top: 15px !important;background-color: #f9f9f9 !important;}&#8221;][vc_column][vc_empty_space][vc_wp_text]Gutxi gorabeherako iraupena: 60 min.\u00a0Bisita egin aurretik, jakin beharrekoak: Kalean, aire zabalean, oinez egiten den bisita gidatua da. Hori dela eta, euria egiten badu, jarduerari eusten zaio, nahiz eta pixka bat alda daitekeen. Bisita&#8230;<\/p>\n","protected":false},"author":3,"featured_media":0,"parent":0,"menu_order":0,"comment_status":"closed","ping_status":"closed","template":"","meta":{"footnotes":""},"class_list":["post-5088","page","type-page","status-publish","hentry"],"yoast_head":"<!-- This site is optimized with the Yoast SEO plugin v27.5 - https:\/\/yoast.com\/product\/yoast-seo-wordpress\/ -->\n<title>Bisita antzeztuak Bego\u00f1a - Bilbao Izan<\/title>\n<meta name=\"robots\" content=\"index, follow, max-snippet:-1, max-image-preview:large, max-video-preview:-1\" \/>\n<link rel=\"canonical\" href=\"https:\/\/bilbaoizan.eus\/eu\/bisita-antzeztuak-begona\/\" \/>\n<meta property=\"og:locale\" content=\"eu_ES\" \/>\n<meta property=\"og:type\" content=\"article\" \/>\n<meta property=\"og:title\" content=\"Bisita antzeztuak Bego\u00f1a - Bilbao Izan\" \/>\n<meta property=\"og:description\" content=\"[vc_row full_width=&#8221;stretch_row&#8221; css=&#8221;.vc_custom_1719835684185{padding-top: 15px !important;background-color: #f9f9f9 !important;}&#8221;][vc_column][vc_empty_space][vc_wp_text]Gutxi gorabeherako iraupena: 60 min.\u00a0Bisita egin aurretik, jakin beharrekoak: Kalean, aire zabalean, oinez egiten den bisita gidatua da. Hori dela eta, euria egiten badu, jarduerari eusten zaio, nahiz eta pixka bat alda daitekeen. Bisita...\" \/>\n<meta property=\"og:url\" content=\"https:\/\/bilbaoizan.eus\/eu\/bisita-antzeztuak-begona\/\" \/>\n<meta property=\"og:site_name\" content=\"Bilbao Izan\" \/>\n<meta property=\"article:publisher\" content=\"https:\/\/www.facebook.com\/bilbaoizan\" \/>\n<meta property=\"article:modified_time\" content=\"2024-09-30T06:33:11+00:00\" \/>\n<meta property=\"og:image\" content=\"https:\/\/bilbaoizan.eus\/wp-content\/uploads\/2024\/05\/wheelchair.png\" \/>\n<meta name=\"twitter:card\" content=\"summary_large_image\" \/>\n<meta name=\"twitter:site\" content=\"@bilbaokultura\" \/>\n<meta name=\"twitter:label1\" content=\"Est. reading time\" \/>\n\t<meta name=\"twitter:data1\" content=\"2 minutes\" \/>\n<script type=\"application\/ld+json\" class=\"yoast-schema-graph\">{\"@context\":\"https:\\\/\\\/schema.org\",\"@graph\":[{\"@type\":\"WebPage\",\"@id\":\"https:\\\/\\\/bilbaoizan.eus\\\/eu\\\/bisita-antzeztuak-begona\\\/\",\"url\":\"https:\\\/\\\/bilbaoizan.eus\\\/eu\\\/bisita-antzeztuak-begona\\\/\",\"name\":\"Bisita antzeztuak Bego\u00f1a - Bilbao Izan\",\"isPartOf\":{\"@id\":\"https:\\\/\\\/bilbaoizan.eus\\\/eu\\\/#website\"},\"primaryImageOfPage\":{\"@id\":\"https:\\\/\\\/bilbaoizan.eus\\\/eu\\\/bisita-antzeztuak-begona\\\/#primaryimage\"},\"image\":{\"@id\":\"https:\\\/\\\/bilbaoizan.eus\\\/eu\\\/bisita-antzeztuak-begona\\\/#primaryimage\"},\"thumbnailUrl\":\"https:\\\/\\\/bilbaoizan.eus\\\/wp-content\\\/uploads\\\/2024\\\/05\\\/wheelchair.png\",\"datePublished\":\"2024-09-09T08:55:17+00:00\",\"dateModified\":\"2024-09-30T06:33:11+00:00\",\"breadcrumb\":{\"@id\":\"https:\\\/\\\/bilbaoizan.eus\\\/eu\\\/bisita-antzeztuak-begona\\\/#breadcrumb\"},\"inLanguage\":\"eu-ES\",\"potentialAction\":[{\"@type\":\"ReadAction\",\"target\":[\"https:\\\/\\\/bilbaoizan.eus\\\/eu\\\/bisita-antzeztuak-begona\\\/\"]}]},{\"@type\":\"ImageObject\",\"inLanguage\":\"eu-ES\",\"@id\":\"https:\\\/\\\/bilbaoizan.eus\\\/eu\\\/bisita-antzeztuak-begona\\\/#primaryimage\",\"url\":\"https:\\\/\\\/bilbaoizan.eus\\\/wp-content\\\/uploads\\\/2024\\\/05\\\/wheelchair.png\",\"contentUrl\":\"https:\\\/\\\/bilbaoizan.eus\\\/wp-content\\\/uploads\\\/2024\\\/05\\\/wheelchair.png\"},{\"@type\":\"BreadcrumbList\",\"@id\":\"https:\\\/\\\/bilbaoizan.eus\\\/eu\\\/bisita-antzeztuak-begona\\\/#breadcrumb\",\"itemListElement\":[{\"@type\":\"ListItem\",\"position\":1,\"name\":\"Hasiera\",\"item\":\"https:\\\/\\\/bilbaoizan.eus\\\/eu\\\/\"},{\"@type\":\"ListItem\",\"position\":2,\"name\":\"Bisita antzeztuak Bego\u00f1a\"}]},{\"@type\":\"WebSite\",\"@id\":\"https:\\\/\\\/bilbaoizan.eus\\\/eu\\\/#website\",\"url\":\"https:\\\/\\\/bilbaoizan.eus\\\/eu\\\/\",\"name\":\"Bilbao Izan\",\"description\":\"Este a\u00f1o, la historia de nuestros barrios cobra vida. Prep\u00e1rate para conocer hechos hist\u00f3ricos, curiosidades y an\u00e9cdotas de los distintos distritos bilba\u00ednos de la mano de los personajes que formaron parte de su historia.\",\"publisher\":{\"@id\":\"https:\\\/\\\/bilbaoizan.eus\\\/eu\\\/#organization\"},\"alternateName\":\"BilbaoIzan\",\"potentialAction\":[{\"@type\":\"SearchAction\",\"target\":{\"@type\":\"EntryPoint\",\"urlTemplate\":\"https:\\\/\\\/bilbaoizan.eus\\\/eu\\\/?s={search_term_string}\"},\"query-input\":{\"@type\":\"PropertyValueSpecification\",\"valueRequired\":true,\"valueName\":\"search_term_string\"}}],\"inLanguage\":\"eu-ES\"},{\"@type\":\"Organization\",\"@id\":\"https:\\\/\\\/bilbaoizan.eus\\\/eu\\\/#organization\",\"name\":\"Ayuntamiento de Bilbao\",\"url\":\"https:\\\/\\\/bilbaoizan.eus\\\/eu\\\/\",\"logo\":{\"@type\":\"ImageObject\",\"inLanguage\":\"eu-ES\",\"@id\":\"https:\\\/\\\/bilbaoizan.eus\\\/eu\\\/#\\\/schema\\\/logo\\\/image\\\/\",\"url\":\"https:\\\/\\\/bilbaoizan.eus\\\/wp-content\\\/uploads\\\/2024\\\/04\\\/cropped-BilbaoIzan.png\",\"contentUrl\":\"https:\\\/\\\/bilbaoizan.eus\\\/wp-content\\\/uploads\\\/2024\\\/04\\\/cropped-BilbaoIzan.png\",\"width\":512,\"height\":512,\"caption\":\"Ayuntamiento de Bilbao\"},\"image\":{\"@id\":\"https:\\\/\\\/bilbaoizan.eus\\\/eu\\\/#\\\/schema\\\/logo\\\/image\\\/\"},\"sameAs\":[\"https:\\\/\\\/www.facebook.com\\\/bilbaoizan\",\"https:\\\/\\\/x.com\\\/bilbaokultura\",\"https:\\\/\\\/www.instagram.com\\\/bilbao_izan\\\/\",\"https:\\\/\\\/www.youtube.com\\\/@BilbaoKultura\"]}]}<\/script>\n<!-- \/ Yoast SEO plugin. -->","yoast_head_json":{"title":"Bisita antzeztuak Bego\u00f1a - Bilbao Izan","robots":{"index":"index","follow":"follow","max-snippet":"max-snippet:-1","max-image-preview":"max-image-preview:large","max-video-preview":"max-video-preview:-1"},"canonical":"https:\/\/bilbaoizan.eus\/eu\/bisita-antzeztuak-begona\/","og_locale":"eu_ES","og_type":"article","og_title":"Bisita antzeztuak Bego\u00f1a - Bilbao Izan","og_description":"[vc_row full_width=&#8221;stretch_row&#8221; css=&#8221;.vc_custom_1719835684185{padding-top: 15px !important;background-color: #f9f9f9 !important;}&#8221;][vc_column][vc_empty_space][vc_wp_text]Gutxi gorabeherako iraupena: 60 min.\u00a0Bisita egin aurretik, jakin beharrekoak: Kalean, aire zabalean, oinez egiten den bisita gidatua da. Hori dela eta, euria egiten badu, jarduerari eusten zaio, nahiz eta pixka bat alda daitekeen. Bisita...","og_url":"https:\/\/bilbaoizan.eus\/eu\/bisita-antzeztuak-begona\/","og_site_name":"Bilbao Izan","article_publisher":"https:\/\/www.facebook.com\/bilbaoizan","article_modified_time":"2024-09-30T06:33:11+00:00","og_image":[{"url":"https:\/\/bilbaoizan.eus\/wp-content\/uploads\/2024\/05\/wheelchair.png","type":"","width":"","height":""}],"twitter_card":"summary_large_image","twitter_site":"@bilbaokultura","twitter_misc":{"Est. reading time":"2 minutes"},"schema":{"@context":"https:\/\/schema.org","@graph":[{"@type":"WebPage","@id":"https:\/\/bilbaoizan.eus\/eu\/bisita-antzeztuak-begona\/","url":"https:\/\/bilbaoizan.eus\/eu\/bisita-antzeztuak-begona\/","name":"Bisita antzeztuak Bego\u00f1a - Bilbao Izan","isPartOf":{"@id":"https:\/\/bilbaoizan.eus\/eu\/#website"},"primaryImageOfPage":{"@id":"https:\/\/bilbaoizan.eus\/eu\/bisita-antzeztuak-begona\/#primaryimage"},"image":{"@id":"https:\/\/bilbaoizan.eus\/eu\/bisita-antzeztuak-begona\/#primaryimage"},"thumbnailUrl":"https:\/\/bilbaoizan.eus\/wp-content\/uploads\/2024\/05\/wheelchair.png","datePublished":"2024-09-09T08:55:17+00:00","dateModified":"2024-09-30T06:33:11+00:00","breadcrumb":{"@id":"https:\/\/bilbaoizan.eus\/eu\/bisita-antzeztuak-begona\/#breadcrumb"},"inLanguage":"eu-ES","potentialAction":[{"@type":"ReadAction","target":["https:\/\/bilbaoizan.eus\/eu\/bisita-antzeztuak-begona\/"]}]},{"@type":"ImageObject","inLanguage":"eu-ES","@id":"https:\/\/bilbaoizan.eus\/eu\/bisita-antzeztuak-begona\/#primaryimage","url":"https:\/\/bilbaoizan.eus\/wp-content\/uploads\/2024\/05\/wheelchair.png","contentUrl":"https:\/\/bilbaoizan.eus\/wp-content\/uploads\/2024\/05\/wheelchair.png"},{"@type":"BreadcrumbList","@id":"https:\/\/bilbaoizan.eus\/eu\/bisita-antzeztuak-begona\/#breadcrumb","itemListElement":[{"@type":"ListItem","position":1,"name":"Hasiera","item":"https:\/\/bilbaoizan.eus\/eu\/"},{"@type":"ListItem","position":2,"name":"Bisita antzeztuak Bego\u00f1a"}]},{"@type":"WebSite","@id":"https:\/\/bilbaoizan.eus\/eu\/#website","url":"https:\/\/bilbaoizan.eus\/eu\/","name":"Bilbao Izan","description":"Este a\u00f1o, la historia de nuestros barrios cobra vida. Prep\u00e1rate para conocer hechos hist\u00f3ricos, curiosidades y an\u00e9cdotas de los distintos distritos bilba\u00ednos de la mano de los personajes que formaron parte de su historia.","publisher":{"@id":"https:\/\/bilbaoizan.eus\/eu\/#organization"},"alternateName":"BilbaoIzan","potentialAction":[{"@type":"SearchAction","target":{"@type":"EntryPoint","urlTemplate":"https:\/\/bilbaoizan.eus\/eu\/?s={search_term_string}"},"query-input":{"@type":"PropertyValueSpecification","valueRequired":true,"valueName":"search_term_string"}}],"inLanguage":"eu-ES"},{"@type":"Organization","@id":"https:\/\/bilbaoizan.eus\/eu\/#organization","name":"Ayuntamiento de Bilbao","url":"https:\/\/bilbaoizan.eus\/eu\/","logo":{"@type":"ImageObject","inLanguage":"eu-ES","@id":"https:\/\/bilbaoizan.eus\/eu\/#\/schema\/logo\/image\/","url":"https:\/\/bilbaoizan.eus\/wp-content\/uploads\/2024\/04\/cropped-BilbaoIzan.png","contentUrl":"https:\/\/bilbaoizan.eus\/wp-content\/uploads\/2024\/04\/cropped-BilbaoIzan.png","width":512,"height":512,"caption":"Ayuntamiento de Bilbao"},"image":{"@id":"https:\/\/bilbaoizan.eus\/eu\/#\/schema\/logo\/image\/"},"sameAs":["https:\/\/www.facebook.com\/bilbaoizan","https:\/\/x.com\/bilbaokultura","https:\/\/www.instagram.com\/bilbao_izan\/","https:\/\/www.youtube.com\/@BilbaoKultura"]}]}},"_links":{"self":[{"href":"https:\/\/bilbaoizan.eus\/eu\/wp-json\/wp\/v2\/pages\/5088","targetHints":{"allow":["GET"]}}],"collection":[{"href":"https:\/\/bilbaoizan.eus\/eu\/wp-json\/wp\/v2\/pages"}],"about":[{"href":"https:\/\/bilbaoizan.eus\/eu\/wp-json\/wp\/v2\/types\/page"}],"author":[{"embeddable":true,"href":"https:\/\/bilbaoizan.eus\/eu\/wp-json\/wp\/v2\/users\/3"}],"replies":[{"embeddable":true,"href":"https:\/\/bilbaoizan.eus\/eu\/wp-json\/wp\/v2\/comments?post=5088"}],"version-history":[{"count":28,"href":"https:\/\/bilbaoizan.eus\/eu\/wp-json\/wp\/v2\/pages\/5088\/revisions"}],"predecessor-version":[{"id":5226,"href":"https:\/\/bilbaoizan.eus\/eu\/wp-json\/wp\/v2\/pages\/5088\/revisions\/5226"}],"wp:attachment":[{"href":"https:\/\/bilbaoizan.eus\/eu\/wp-json\/wp\/v2\/media?parent=5088"}],"curies":[{"name":"wp","href":"https:\/\/api.w.org\/{rel}","templated":true}]}}